{"id":1459,"date":"2015-10-27T16:37:38","date_gmt":"2015-10-27T15:37:38","guid":{"rendered":"http:\/\/www.scuolanobel.it\/?page_id=1459"},"modified":"2018-06-25T22:24:08","modified_gmt":"2018-06-25T20:24:08","slug":"human-rights-friendly-schools","status":"publish","type":"page","link":"https:\/\/www.scuolanobel.it\/index.php\/human-rights-friendly-schools\/","title":{"rendered":"Human Rights Friendly Schools"},"content":{"rendered":"<p><a href=\"http:\/\/www.scuolanobel.it\/listituto\/amnesty_logo\/\" rel=\"attachment wp-att-1455\"><img loading=\"lazy\" decoding=\"async\" class=\"alignleft size-full wp-image-1455\" style=\"margin-left: 25px; margin-right: 25px;\" title=\"amnesty_logo\" src=\"http:\/\/www.scuolanobel.it\/wp-content\/uploads\/2012\/12\/amnesty_logo.jpg\" alt=\"\" width=\"122\" height=\"130\" \/><\/a><\/p>\n<p style=\"text-align: justify;\">&#8220;HUMAN RIGHTS FRIENDLY SCHOOLS&#8221; Il progetto &#8220;Scuole amiche dei diritti umani&#8221;, rivolto alle scuole secondarie di secondo grado, nasce nel contesto del programma mondiale per l&#8217;Educazione ai diritti umani proclamato dall&#8217;ONU nel dicembre 2004. Il programma promuove un approccio globale all&#8217;educazione basato sui principi della Dichiarazione Onu sull&#8217;Educazione e formazione ai diritti umani del 2011, che richiede che tutti gli Stati membri forniscano educazione su, attraverso e per i diritti umani.<\/p>\n<p style=\"text-align: justify;\">In una &#8220;Scuola amica dei diritti umani&#8221; i giovani sono invitati a stabilire quali sono i propri diritti, a condividerli con gli altri e a farli rispettare dentro e fuori l&#8217;ambiente scolastico. Il progetto \u00e8 presente in venti paesi del mondo: Benin, Cile, Costa d&#8217;Avorio, Croazia, Danimarca, Ghana, Irlanda, Israele, Italia, Kenya, Moldova, Mongolia, Marocco, Paraguay, Polonia, Regno Unito, Repubblica Ceca, Senegal, Sud Africa, Ungheria. In tutte queste scuole vengono promossi il rispetto, la non discriminazione, la dignit\u00e0 e la libert\u00e0 di espressione attraverso la partecipazione attiva dell&#8217;intera comunit\u00e0 scolastica.<\/p>\n<p style=\"text-align: justify;\">\n<p style=\"text-align: justify;\">Grazie al coinvolgimento di tutta la scuola i diritti umani sono integrati nel curriculum e nelle attivit\u00e0 extracurriculari, in modo che ognuno abbia l&#8217;opportunit\u00e0 di apprendere i diritti umani e di attivarsi concretamente per promuoverli. Studenti, insegnanti, genitori e personale non docente, attraverso corsi specifici, workshop tematici e percorsi formativi hanno l&#8217;opportunit\u00e0 di informarsi e di partecipare alle decisioni della propria scuola, contribuendo in prima persona alla costruzione di un ambiente aperto alla conoscenza e alla diffusione di una cultura dei diritti umani.<\/p>\n<p style=\"text-align: justify;\">Gli istituti scolastici che partecipano al progetto condividono le conoscenze e le esperienze mediante la rete internazionale delle &#8220;Scuole amiche dei diritti umani&#8221;, diventando consapevoli delle problematiche relative ai diritti umani che riguardano altri paesi, promuovendo le proprie iniziative e mettendo in evidenza le occasioni di attivismo.<\/p>\n<p style=\"text-align: justify;\">Nell\u2019ambito di questa iniziativa l\u2019Istituto Alfred Nobel parteciper\u00e0 anche al progetto di Amnesty International denominato \u201cscuole attive contro l\u2019omofobia e la transfobia\u201d<\/p>\n<p><a href=\"http:\/\/www.scuolanobel.it\/documenti\/201603111141.pdf\">Visualizza l&#8217;accordo<\/a><\/p>\n<p><a href=\"https:\/\/www.amnesty.it\/scuole\/le-scuole-amiche-dei-diritti\/\">Visualizza il sito di Amnesty International &#8220;Progetto scuole amiche dei diritti umani&#8221;<\/a><\/p>\n<table style=\"width: 450px; margin: auto; margin-top: 35px;\" align=\"center\">\n<tbody>\n<tr>\n<td><a href=\"http:\/\/scuole-lgbti.amnesty.it\/wp-content\/uploads\/2014\/02\/POSTER-A3.pdf\" rel=\"attachment wp-att-1466\"><img loading=\"lazy\" decoding=\"async\" class=\"wp-image-1466 aligncenter\" title=\"POSTER-thumb\" src=\"http:\/\/www.scuolanobel.it\/wp-content\/uploads\/2015\/10\/POSTER-thumb.jpg\" alt=\"\" width=\"200\" height=\"121\" \/><\/a><\/p>\n<p style=\"text-align: center;\"><a href=\"http:\/\/scuole-lgbti.amnesty.it\/wp-content\/uploads\/2014\/02\/POSTER-A3.pdf\">scarica il poster<\/a><\/p>\n<\/td>\n<td>\n<p style=\"text-align: center;\"><a href=\"http:\/\/scuole-lgbti.amnesty.it\/wp-content\/uploads\/2014\/02\/Guida_Scuole_Attive.pdf\"><img loading=\"lazy\" decoding=\"async\" class=\"alignnone wp-image-1470\" title=\"POSTER-thumb_3\" src=\"http:\/\/www.scuolanobel.it\/wp-content\/uploads\/2015\/10\/POSTER-thumb_3.jpg\" alt=\"\" width=\"200\" height=\"121\" \/><\/a><\/p>\n<p style=\"text-align: center;\"><a href=\"http:\/\/scuole-lgbti.amnesty.it\/wp-content\/uploads\/2014\/02\/Guida_Scuole_Attive.pdf\">scarica la brochure<\/a><\/p>\n<\/td>\n<\/tr>\n<\/tbody>\n<\/table>\n","protected":false},"excerpt":{"rendered":"<p>&#8220;HUMAN RIGHTS FRIENDLY SCHOOLS&#8221; Il progetto &#8220;Scuole amiche dei diritti umani&#8221;, rivolto alle scuole secondarie di secondo grado, nasce nel contesto del programma mondiale per l&#8217;Educazione ai diritti umani proclamato&#8230; <\/p>\n","protected":false},"author":1,"featured_media":0,"parent":0,"menu_order":0,"comment_status":"closed","ping_status":"closed","template":"","meta":{"footnotes":""},"_links":{"self":[{"href":"https:\/\/www.scuolanobel.it\/index.php\/wp-json\/wp\/v2\/pages\/1459"}],"collection":[{"href":"https:\/\/www.scuolanobel.it\/index.php\/wp-json\/wp\/v2\/pages"}],"about":[{"href":"https:\/\/www.scuolanobel.it\/index.php\/wp-json\/wp\/v2\/types\/page"}],"author":[{"embeddable":true,"href":"https:\/\/www.scuolanobel.it\/index.php\/wp-json\/wp\/v2\/users\/1"}],"replies":[{"embeddable":true,"href":"https:\/\/www.scuolanobel.it\/index.php\/wp-json\/wp\/v2\/comments?post=1459"}],"version-history":[{"count":1,"href":"https:\/\/www.scuolanobel.it\/index.php\/wp-json\/wp\/v2\/pages\/1459\/revisions"}],"predecessor-version":[{"id":2309,"href":"https:\/\/www.scuolanobel.it\/index.php\/wp-json\/wp\/v2\/pages\/1459\/revisions\/2309"}],"wp:attachment":[{"href":"https:\/\/www.scuolanobel.it\/index.php\/wp-json\/wp\/v2\/media?parent=1459"}],"curies":[{"name":"wp","href":"https:\/\/api.w.org\/{rel}","templated":true}]}}